{"id":113,"date":"2022-03-12T23:46:55","date_gmt":"2022-03-12T22:46:55","guid":{"rendered":"http:\/\/lereveencouleurs.fr\/?page_id=113"},"modified":"2025-02-11T00:19:45","modified_gmt":"2025-02-10T23:19:45","slug":"le-role-des-parents","status":"publish","type":"page","link":"http:\/\/lereveencouleurs.fr\/index.php\/le-role-des-parents\/","title":{"rendered":"Le r\u00f4le des parents"},"content":{"rendered":"\n<div class=\"wp-block-buttons is-layout-flex wp-block-buttons-is-layout-flex\"><\/div>\n\n\n\n<p class=\"has-text-align-center has-medium-font-size\">Le R\u00eave en Couleurs est une cr\u00e8che <strong>parentale et associative<\/strong>. Les parents y assurent un certain nombre de <strong>missions essentielles<\/strong> au fonctionnement de la cr\u00e8che.<\/p>\n\n\n<div class=\"wp-block-image is-style-default\">\n<figure class=\"aligncenter size-large\"><img loading=\"lazy\" decoding=\"async\" width=\"1024\" height=\"817\" src=\"http:\/\/lereveencouleurs.fr\/wp-content\/uploads\/2022\/04\/sketch1563737168205-1024x817.png\" alt=\"\" class=\"wp-image-230\" srcset=\"http:\/\/lereveencouleurs.fr\/wp-content\/uploads\/2022\/04\/sketch1563737168205-1024x817.png 1024w, http:\/\/lereveencouleurs.fr\/wp-content\/uploads\/2022\/04\/sketch1563737168205-300x239.png 300w, http:\/\/lereveencouleurs.fr\/wp-content\/uploads\/2022\/04\/sketch1563737168205-768x613.png 768w, http:\/\/lereveencouleurs.fr\/wp-content\/uploads\/2022\/04\/sketch1563737168205-1536x1225.png 1536w, http:\/\/lereveencouleurs.fr\/wp-content\/uploads\/2022\/04\/sketch1563737168205-2048x1633.png 2048w\" sizes=\"auto, (max-width: 1024px) 100vw, 1024px\" \/><\/figure>\n<\/div>\n\n\n<div style=\"height:10px\" aria-hidden=\"true\" class=\"wp-block-spacer\"><\/div>\n\n\n\n<div class=\"wp-block-columns is-layout-flex wp-container-core-columns-is-layout-9d6595d7 wp-block-columns-is-layout-flex\">\n<div class=\"wp-block-column is-layout-flow wp-block-column-is-layout-flow\">\n<h2 class=\"wp-block-heading has-text-align-center has-vivid-red-color has-text-color\" style=\"font-style:normal;font-weight:700\">Les permanences<\/h2>\n\n\n\n<div style=\"height:20px\" aria-hidden=\"true\" class=\"wp-block-spacer\"><\/div>\n\n\n\n<p class=\"has-text-align-justify has-small-font-size\">Tous les jours, 3 parents viennent \u00e9pauler les professionnelles (1 le matin et 2 l\u2019apr\u00e8s midi) et participer ainsi \u00e0 100% au quotidien de la cr\u00e8che. <\/p>\n\n\n\n<p class=\"has-text-align-justify has-small-font-size\">1 permanence = 1 demie-journ\u00e9e<\/p>\n\n\n\n<p class=\"has-text-align-justify has-small-font-size\">Les parents doivent en moyenne assurer 4 \u00e0 5 permanences par mois pour 5 jours de garde par semaine de l&rsquo;enfant (cela peut varier \u00e0 la hausse ou \u00e0 la baisse selon les besoins de la cr\u00e8che, les absences programm\u00e9es et le nombre d&rsquo;enfants pr\u00e9sent).<\/p>\n<\/div>\n\n\n\n<div class=\"wp-block-column is-layout-flow wp-block-column-is-layout-flow\">\n<h2 class=\"wp-block-heading has-text-align-center has-vivid-red-color has-text-color\">Les commissions<\/h2>\n\n\n\n<div style=\"height:20px\" aria-hidden=\"true\" class=\"wp-block-spacer\"><\/div>\n\n\n\n<p class=\"has-text-align-justify has-small-font-size\">La cr\u00e8che fonctionne avec des commissions, investies par les parents et qui assurent le bon fonctionnement de la cr\u00e8che : tr\u00e9sorerie, administration, bricolage, communication, relation avec les salari\u00e9es, etc. Il y a des commissions pour tous les go\u00fbts et toutes les affinit\u00e9s.<\/p>\n\n\n\n<p class=\"has-text-align-justify has-small-font-size\">Chaque famille prend en charge une commission pour l&rsquo;ann\u00e9e scolaire.<\/p>\n<\/div>\n\n\n\n<div class=\"wp-block-column is-layout-flow wp-block-column-is-layout-flow\">\n<h2 class=\"wp-block-heading has-text-align-center has-vivid-red-color has-text-color\">Les assembl\u00e9es<\/h2>\n\n\n\n<div style=\"height:20px\" aria-hidden=\"true\" class=\"wp-block-spacer\"><\/div>\n\n\n\n<p class=\"has-text-align-justify has-small-font-size\">Une fois par mois, tous les parents se r\u00e9unissent pour \u00e9changer et d\u00e9cider des diff\u00e9rents aspects de la vie de la cr\u00e8che. Les professionnelles sont l\u00e0 aussi et partagent un temps d&rsquo;\u00e9change avec les parents.<\/p>\n\n\n\n<p class=\"has-text-align-justify has-small-font-size\">La pr\u00e9sence d&rsquo;au moins un des deux parents est obligatoire.<\/p>\n<\/div>\n<\/div>\n\n\n\n<p><\/p>\n\n\n\n<figure class=\"wp-block-image alignwide size-large\"><img loading=\"lazy\" decoding=\"async\" width=\"1024\" height=\"724\" src=\"http:\/\/lereveencouleurs.fr\/wp-content\/uploads\/2022\/03\/Commissions-REC_V2-1024x724.png\" alt=\"\" class=\"wp-image-215\" srcset=\"http:\/\/lereveencouleurs.fr\/wp-content\/uploads\/2022\/03\/Commissions-REC_V2-1024x724.png 1024w, http:\/\/lereveencouleurs.fr\/wp-content\/uploads\/2022\/03\/Commissions-REC_V2-300x212.png 300w, http:\/\/lereveencouleurs.fr\/wp-content\/uploads\/2022\/03\/Commissions-REC_V2-768x543.png 768w, http:\/\/lereveencouleurs.fr\/wp-content\/uploads\/2022\/03\/Commissions-REC_V2-1536x1086.png 1536w, http:\/\/lereveencouleurs.fr\/wp-content\/uploads\/2022\/03\/Commissions-REC_V2-2048x1448.png 2048w\" sizes=\"auto, (max-width: 1024px) 100vw, 1024px\" \/><figcaption class=\"wp-element-caption\">Descriptif indicatif des diff\u00e9rentes commissions du R\u00eave en Couleurs ; certaines commissions peuvent \u00eatre doubl\u00e9es (2 familles par commission) ou regroup\u00e9es en fonction du nombre de familles pr\u00e9sentes et des besoins de la cr\u00e8che. <\/figcaption><\/figure>\n","protected":false},"excerpt":{"rendered":"<p>Le R\u00eave en Couleurs est une cr\u00e8che parentale et associative. Les parents y assurent un certain nombre de missions essentielles au fonctionnement de la cr\u00e8che. Les permanences Tous les jours, 3 parents viennent \u00e9pauler les professionnelles (1 le matin et 2 l\u2019apr\u00e8s midi) et participer ainsi \u00e0 100% au quotidien de la cr\u00e8che. 1 permanence [&hellip;]<\/p>\n","protected":false},"author":1,"featured_media":0,"parent":0,"menu_order":0,"comment_status":"closed","ping_status":"closed","template":"","meta":{"footnotes":""},"class_list":["post-113","page","type-page","status-publish","hentry"],"jetpack_sharing_enabled":true,"_links":{"self":[{"href":"http:\/\/lereveencouleurs.fr\/index.php\/wp-json\/wp\/v2\/pages\/113","targetHints":{"allow":["GET"]}}],"collection":[{"href":"http:\/\/lereveencouleurs.fr\/index.php\/wp-json\/wp\/v2\/pages"}],"about":[{"href":"http:\/\/lereveencouleurs.fr\/index.php\/wp-json\/wp\/v2\/types\/page"}],"author":[{"embeddable":true,"href":"http:\/\/lereveencouleurs.fr\/index.php\/wp-json\/wp\/v2\/users\/1"}],"replies":[{"embeddable":true,"href":"http:\/\/lereveencouleurs.fr\/index.php\/wp-json\/wp\/v2\/comments?post=113"}],"version-history":[{"count":22,"href":"http:\/\/lereveencouleurs.fr\/index.php\/wp-json\/wp\/v2\/pages\/113\/revisions"}],"predecessor-version":[{"id":270,"href":"http:\/\/lereveencouleurs.fr\/index.php\/wp-json\/wp\/v2\/pages\/113\/revisions\/270"}],"wp:attachment":[{"href":"http:\/\/lereveencouleurs.fr\/index.php\/wp-json\/wp\/v2\/media?parent=113"}],"curies":[{"name":"wp","href":"https:\/\/api.w.org\/{rel}","templated":true}]}}